{"id":405,"date":"2019-11-25T22:48:52","date_gmt":"2019-11-25T21:48:52","guid":{"rendered":"http:\/\/pallotynisandomierz.pl\/?page_id=405"},"modified":"2026-08-29T17:42:55","modified_gmt":"2026-08-29T15:42:55","slug":"ogloszenia","status":"publish","type":"page","link":"https:\/\/pallotynisandomierz.pl\/index.php\/ogloszenia\/","title":{"rendered":"Og\u0142oszenia"},"content":{"rendered":"\t\t<div data-elementor-type=\"wp-page\" data-elementor-id=\"405\" class=\"elementor elementor-405\">\n\t\t\t\t\t\t<section class=\"elementor-section elementor-top-section elementor-element elementor-element-0ac8a4e elementor-section-boxed elementor-section-height-default elementor-section-height-default\" data-id=\"0ac8a4e\" data-element_type=\"section\">\n\t\t\t\t\t\t<div class=\"elementor-container elementor-column-gap-default\">\n\t\t\t\t\t<div class=\"elementor-column elementor-col-100 elementor-top-column elementor-element elementor-element-d1a6221\" data-id=\"d1a6221\" data-element_type=\"column\">\n\t\t\t<div class=\"elementor-widget-wrap elementor-element-populated\">\n\t\t\t\t\t\t<div class=\"elementor-element elementor-element-6fcf33c elementor-widget__width-initial elementor-widget elementor-widget-text-editor\" data-id=\"6fcf33c\" data-element_type=\"widget\" data-widget_type=\"text-editor.default\">\n\t\t\t\t<div class=\"elementor-widget-container\">\n\t\t\t\t\t\t\t<p style=\"text-align: center;\"><span style=\"color: #008000; font-size: 21px;\"><b>XXII NIEDZIELA ZWYK\u0141A \u2013 30 sierpnia 2026 roku<\/b><\/span><\/p><p>\u00a0<\/p><p>\u00a0<\/p><p style=\"text-align: left;\"><span style=\"color: #000000;\"><span style=\"font-size: 20px;\">\u00a0 \u00a01. Od 1 wrze\u015bnia zapraszamy: na Adoracj\u0119 Naj\u015bwi\u0119tszego Sakramentu codziennie<\/span><\/span><\/p><p style=\"text-align: left;\"><span style=\"color: #000000;\"><span style=\"font-size: 20px;\">od godz. 17:00; we wtorki, nie od 17.00, natomiast od godz. 20:00 do 21:00 (Adoracja w ciszy<\/span><\/span><\/p><p style=\"text-align: left;\"><span style=\"color: #000000;\"><span style=\"font-size: 20px;\">zako\u0144czona indywidualnym b\u0142ogos\u0142awie\u0144stwem). Spowied\u017a: codziennie w dni powszednie od 17:30<\/span><\/span><\/p><p style=\"text-align: left;\"><span style=\"color: #000000;\"><span style=\"font-size: 20px;\">do Mszy \u015awi\u0119tej wieczornej. Kancelaria parafialna czynna jest: w poniedzia\u0142ki, \u015brody<\/span><\/span><\/p><p style=\"text-align: left;\"><span style=\"color: #000000;\"><span style=\"font-size: 20px;\">i czwartki od 18:30 do 19:00 oraz w soboty (tu zmiana): od 9:00 do 11:00.<\/span><\/span><\/p><p style=\"text-align: left;\"><span style=\"color: #000000;\"><span style=\"font-size: 20px;\">\u00a0 \u00a02. W ka\u017cd\u0105 \u015brod\u0119 o godz. 17:30 zapraszamy na nowenn\u0119 do MB Fatimskiej; nast\u0119pnie Msza<\/span><\/span><\/p><p style=\"text-align: left;\"><span style=\"color: #000000;\"><span style=\"font-size: 20px;\">\u015awi\u0119ta w intencjach zbiorowych.<\/span><\/span><\/p><p style=\"text-align: left;\"><span style=\"color: #000000;\"><span style=\"font-size: 20px;\">\u00a0 \u00a03. We wtorek, 1 wrze\u015bnia o godz. 8:00 zostanie odprawiona Msza \u015awi\u0119ta na rozpocz\u0119cie<\/span><\/span><\/p><p style=\"text-align: left;\"><span style=\"color: #000000;\"><span style=\"font-size: 20px;\">roku szkolnego. Zapraszamy wszystkich: Dyrekcje Szk\u00f3\u0142, Nauczycieli, Uczni\u00f3w oraz Ca\u0142e<\/span><\/span><\/p><p style=\"text-align: left;\"><span style=\"color: #000000;\"><span style=\"font-size: 20px;\">Rodziny. Jest to dzie\u0144 87 rocznicy wybuchu II Wojny \u015awiatowej, dlatego pami\u0119tajmy<\/span><\/span><\/p><p style=\"text-align: left;\"><span style=\"color: #000000;\"><span style=\"font-size: 20px;\">w modlitwie o tych, kt\u00f3rzy polegli w obronie naszej Ojczyzny, a tak\u017ce o pok\u00f3j na \u015bwiecie.<\/span><\/span><\/p><p style=\"text-align: left;\"><span style=\"color: #000000;\"><span style=\"font-size: 20px;\">\u00a0 \u00a04. . W tym tygodniu: pierwszy czwartek, pi\u0105tek i sobota miesi\u0105ca. W czwartek modlimy si\u0119<\/span><\/span><\/p><p style=\"text-align: left;\"><span style=\"color: #000000;\"><span style=\"font-size: 20px;\">o nowe powo\u0142ania kap\u0142a\u0144skie i zakonne, specjalne nabo\u017ce\u0144stwo o godz. 17:30. W pi\u0105tek:<\/span><\/span><\/p><p style=\"text-align: left;\"><span style=\"color: #000000;\"><span style=\"font-size: 20px;\">odwiedzimy chorych w Ich domach od godz. 9:00; spowied\u017a w ko\u015bciele od godz. 17:00,<\/span><\/span><\/p><p style=\"text-align: left;\"><span style=\"color: #000000;\"><span style=\"font-size: 20px;\">Nabo\u017ce\u0144stwo do Naj\u015bw. Serca Pana Jezusa o 17.30. Nabo\u017ce\u0144stwo Pierwszosobotnie,<\/span><\/span><\/p><p style=\"text-align: left;\"><span style=\"color: #000000;\"><span style=\"font-size: 20px;\">wed\u0142ug Objawie\u0144 Fatimskich, a wi\u0119c: 15 minut specjalnego rozwa\u017cania i R\u00f3\u017caniec<\/span><\/span><\/p><p style=\"text-align: left;\"><span style=\"color: #000000;\"><span style=\"font-size: 20px;\">Wynagradzaj\u0105cy o godz. 17:00.<\/span><\/span><\/p><p style=\"text-align: left;\"><span style=\"color: #000000;\"><span style=\"font-size: 20px;\">\u00a0 \u00a05. Za tydzie\u0144: pierwsza niedziela miesi\u0105ca, czyli ADORACYJNA. Taca z tego dnia zostanie<\/span><\/span><\/p><p style=\"text-align: left;\"><span style=\"color: #000000;\"><span style=\"font-size: 20px;\">przeznaczona na Palloty\u0144ski Nowicjat. Ju\u017c dzi\u015b sk\u0142adamy serdeczne podzi\u0119kowania za<\/span><\/span><\/p><p style=\"text-align: left;\"><span style=\"color: #000000;\"><span style=\"font-size: 20px;\">z\u0142o\u017cone ofiary. Zmiana tajemnic dla K\u00f3\u0142 \u017bywego R\u00f3\u017ca\u0144ca po Mszy \u015awi\u0119tej o godz. 11:00.<\/span><\/span><\/p><p style=\"text-align: left;\"><span style=\"color: #000000;\"><span style=\"font-size: 20px;\">\u00a0 \u00a06. Za tydzie\u0144 w niedziel\u0119, 6 wrze\u015bnia na Mszy \u015awi\u0119tej o godz. 12:30 po\u015bwi\u0119cimy tornistry<\/span><\/span><\/p><p style=\"text-align: left;\"><span style=\"color: #000000;\"><span style=\"font-size: 20px;\">i przybory szkole dla dzieci; przypominamy r\u00f3wnie\u017c, \u017ce w ka\u017cd\u0105 niedziel\u0119 o godz. 12:30<\/span><\/span><\/p><p style=\"text-align: left;\"><span style=\"color: #000000;\"><span style=\"font-size: 20px;\">jest Msza \u015awi\u0119ta z kazaniem do dzieci.<\/span><\/span><\/p><p style=\"text-align: left;\"><span style=\"color: #000000;\"><span style=\"font-size: 20px;\">\u00a0 \u00a07. Dzi\u0119kujemy za ofiary z\u0142o\u017cone na posprz\u0105tanie ko\u015bcio\u0142a. W tym tygodniu prosimy<\/span><\/span><\/p><p style=\"text-align: left;\"><span style=\"color: #000000;\"><span style=\"font-size: 20px;\">Mieszka\u0144c\u00f3w z ul. Krukowskiej 22 &#8211; PARTER.<\/span><\/span><\/p><p style=\"text-align: left;\"><span style=\"color: #000000;\"><span style=\"font-size: 20px;\">\u00a0 \u00a08. Ju\u017c dzi\u015b pragniemy poinformowa\u0107, \u017ce 7 wrze\u015bnia, w poniedzia\u0142ek, o godzinie 8.30<\/span><\/span><\/p><p style=\"text-align: left;\"><span style=\"color: #000000;\"><span style=\"font-size: 20px;\">wyruszy XXIII Piesza Pielgrzymka z Sandomierza do Sulis\u0142awic. Wi\u0119cej informacji<\/span><\/span><\/p><p style=\"text-align: left;\"><span style=\"color: #000000;\"><span style=\"font-size: 20px;\">znajdziemy na plakacie, przy wej\u015bciu do ko\u015bcio\u0142a.<\/span><\/span><\/p><p style=\"text-align: center;\"><span style=\"color: #ff0000;\"><span style=\"font-size: 20px;\"><b>\u00a0<\/b><\/span><\/span><\/p><p style=\"text-align: center;\"><span style=\"color: #ff0000;\"><span style=\"font-size: 20px;\"><b>Uczniom i Nauczycielom na Nowy Rok Szkolny<\/b><\/span><\/span><\/p><p style=\"text-align: center;\"><span style=\"color: #ff0000;\"><span style=\"font-size: 20px;\"><b>\u017cyczymy wielu \u0142ask i Mocy Ducha \u015awi\u0119tego!<\/b><\/span><\/span><\/p><p style=\"text-align: center;\"><span style=\"color: #ff0000;\"><span style=\"font-size: 20px;\"><b>\u00a0<\/b><\/span><\/span><\/p><p style=\"text-align: center;\"><span style=\"color: #ff0000;\"><span style=\"font-size: 20px;\"><b>Nas wszystkich niech prowadzi i umacnia Jezus Chrystus Kr\u00f3l,<\/b><\/span><\/span><\/p><p style=\"text-align: center;\"><span style=\"color: #ff0000;\"><span style=\"font-size: 20px;\"><b>\u00a0<\/b><\/span><\/span><span style=\"color: #ff0000;\"><span style=\"font-size: 20px;\"><b>Jedyny Zbawiciel \u015awiata!<\/b><\/span><\/span><\/p><p style=\"text-align: center;\"><span style=\"color: #ff0000;\"><span style=\"font-size: 20px;\"><b>Szcz\u0119\u015b\u0107 Bo\u017ce!<\/b><\/span><\/span><\/p>\t\t\t\t\t\t<\/div>\n\t\t\t\t<\/div>\n\t\t\t\t\t<\/div>\n\t\t<\/div>\n\t\t\t\t\t<\/div>\n\t\t<\/section>\n\t\t\t\t<\/div>\n\t\t","protected":false},"excerpt":{"rendered":"<p>XXII NIEDZIELA ZWYK\u0141A \u2013 30 sierpnia 2026 roku \u00a0 \u00a0 \u00a0 \u00a01. Od 1 wrze\u015bnia zapraszamy: na Adoracj\u0119 Naj\u015bwi\u0119tszego Sakramentu codziennie od godz. 17:00; we wtorki, nie od 17.00, natomiast od godz. 20:00 do 21:00 (Adoracja w ciszy zako\u0144czona indywidualnym b\u0142ogos\u0142awie\u0144stwem). Spowied\u017a: codziennie w dni powszednie od 17:30 do Mszy \u015awi\u0119tej wieczornej. Kancelaria parafialna czynna jest: w poniedzia\u0142ki, \u015brody i czwartki od 18:30 do 19:00 oraz w soboty (tu zmiana): od 9:00 do 11:00. \u00a0 \u00a02. W ka\u017cd\u0105 \u015brod\u0119 o godz. 17:30 zapraszamy na nowenn\u0119 do MB Fatimskiej; nast\u0119pnie Msza \u015awi\u0119ta w intencjach zbiorowych. \u00a0 \u00a03. We wtorek, 1 wrze\u015bnia o godz. 8:00 zostanie odprawiona Msza \u015awi\u0119ta na rozpocz\u0119cie roku szkolnego. Zapraszamy wszystkich: Dyrekcje Szk\u00f3\u0142, Nauczycieli, Uczni\u00f3w oraz Ca\u0142e Rodziny. Jest to dzie\u0144 87 rocznicy wybuchu II Wojny \u015awiatowej, dlatego pami\u0119tajmy w modlitwie o tych, kt\u00f3rzy polegli w obronie naszej Ojczyzny, a tak\u017ce o pok\u00f3j na \u015bwiecie. \u00a0 \u00a04. . W tym tygodniu: pierwszy czwartek, pi\u0105tek i sobota miesi\u0105ca. W czwartek modlimy si\u0119 o nowe powo\u0142ania kap\u0142a\u0144skie i zakonne, specjalne nabo\u017ce\u0144stwo o godz. 17:30. W pi\u0105tek: odwiedzimy chorych w Ich domach od godz. 9:00; spowied\u017a w ko\u015bciele od godz. 17:00, Nabo\u017ce\u0144stwo do Naj\u015bw. Serca Pana Jezusa o 17.30. Nabo\u017ce\u0144stwo Pierwszosobotnie, wed\u0142ug Objawie\u0144 Fatimskich, a wi\u0119c: 15 minut specjalnego rozwa\u017cania i R\u00f3\u017caniec Wynagradzaj\u0105cy o godz. 17:00. \u00a0 \u00a05. Za tydzie\u0144: pierwsza niedziela miesi\u0105ca, czyli ADORACYJNA. Taca z tego dnia zostanie przeznaczona na Palloty\u0144ski Nowicjat. Ju\u017c dzi\u015b sk\u0142adamy serdeczne podzi\u0119kowania za z\u0142o\u017cone ofiary. Zmiana tajemnic dla K\u00f3\u0142 \u017bywego R\u00f3\u017ca\u0144ca po Mszy \u015awi\u0119tej o godz. 11:00. \u00a0 \u00a06. Za tydzie\u0144 w niedziel\u0119, 6 wrze\u015bnia na Mszy \u015awi\u0119tej o godz. 12:30 po\u015bwi\u0119cimy tornistry i przybory szkole dla dzieci; przypominamy r\u00f3wnie\u017c, \u017ce w ka\u017cd\u0105 niedziel\u0119 o godz. 12:30 jest Msza \u015awi\u0119ta z kazaniem do dzieci. \u00a0 \u00a07. Dzi\u0119kujemy za ofiary z\u0142o\u017cone na posprz\u0105tanie ko\u015bcio\u0142a. W tym tygodniu prosimy Mieszka\u0144c\u00f3w z ul. Krukowskiej 22 &#8211; PARTER. \u00a0 \u00a08. Ju\u017c dzi\u015b pragniemy poinformowa\u0107, \u017ce 7 wrze\u015bnia, w poniedzia\u0142ek, o godzinie 8.30 wyruszy XXIII Piesza Pielgrzymka z Sandomierza do Sulis\u0142awic. Wi\u0119cej informacji znajdziemy na plakacie, przy wej\u015bciu do ko\u015bcio\u0142a. \u00a0 Uczniom i Nauczycielom na Nowy Rok Szkolny \u017cyczymy wielu \u0142ask i Mocy Ducha \u015awi\u0119tego! \u00a0 Nas wszystkich niech prowadzi i umacnia Jezus Chrystus Kr\u00f3l, \u00a0Jedyny Zbawiciel \u015awiata! Szcz\u0119\u015b\u0107 Bo\u017ce!<\/p>\n","protected":false},"author":1,"featured_media":0,"parent":0,"menu_order":0,"comment_status":"closed","ping_status":"closed","template":"","meta":{"_eb_attr":"","ngg_post_thumbnail":0,"footnotes":""},"_links":{"self":[{"href":"https:\/\/pallotynisandomierz.pl\/index.php\/wp-json\/wp\/v2\/pages\/405"}],"collection":[{"href":"https:\/\/pallotynisandomierz.pl\/index.php\/wp-json\/wp\/v2\/pages"}],"about":[{"href":"https:\/\/pallotynisandomierz.pl\/index.php\/wp-json\/wp\/v2\/types\/page"}],"author":[{"embeddable":true,"href":"https:\/\/pallotynisandomierz.pl\/index.php\/wp-json\/wp\/v2\/users\/1"}],"replies":[{"embeddable":true,"href":"https:\/\/pallotynisandomierz.pl\/index.php\/wp-json\/wp\/v2\/comments?post=405"}],"version-history":[{"count":1216,"href":"https:\/\/pallotynisandomierz.pl\/index.php\/wp-json\/wp\/v2\/pages\/405\/revisions"}],"predecessor-version":[{"id":6392,"href":"https:\/\/pallotynisandomierz.pl\/index.php\/wp-json\/wp\/v2\/pages\/405\/revisions\/6392"}],"wp:attachment":[{"href":"https:\/\/pallotynisandomierz.pl\/index.php\/wp-json\/wp\/v2\/media?parent=405"}],"curies":[{"name":"wp","href":"https:\/\/api.w.org\/{rel}","templated":true}]}}